{"id":3466,"date":"2025-09-25T17:40:38","date_gmt":"2025-09-25T14:40:38","guid":{"rendered":"https:\/\/viktoriadl.com\/?post_type=product&#038;p=3466"},"modified":"2025-09-30T17:59:26","modified_gmt":"2025-09-30T14:59:26","slug":"farine-pour-pizza","status":"publish","type":"product","link":"https:\/\/viktoriadl.com\/fr\/produit\/farine-pour-pizza\/","title":{"rendered":"Farine pour croissants"},"content":{"rendered":"<p data-start=\"1446\" data-end=\"1758\">Notre <strong data-start=\"1450\" data-end=\"1474\">Farine pour croissants<\/strong> (farine de biscuits) est d\u00e9velopp\u00e9e pour les p\u00e2tes lamin\u00e9es telles que les croissants, les feuillet\u00e9s et autres viennoiseries. Avec un <strong data-start=\"1593\" data-end=\"1633\">une teneur en gluten humide d'au moins 24,8%<\/strong> et <strong data-start=\"1638\" data-end=\"1667\">desserrage du gluten \u2265 5,0 mm<\/strong>Il offre une excellente r\u00e9sistance de la p\u00e2te, une grande extensibilit\u00e9 et des r\u00e9sultats de laminage constants.<\/p>\n<p data-start=\"1760\" data-end=\"1993\">La farine est soumise \u00e0 des tests stricts pour r\u00e9pondre aux normes europ\u00e9ennes : <strong data-start=\"1823\" data-end=\"1840\">humidit\u00e9 \u226415%<\/strong>La teneur en mycotoxines est conforme \u00e0 la r\u00e9glementation de l'Union europ\u00e9enne, et l'activit\u00e9 de l'alpha-amylase est contr\u00f4l\u00e9e. Les niveaux de mycotoxines sont enti\u00e8rement conformes aux r\u00e9glementations de l'UE.<\/p>\n<p data-start=\"1995\" data-end=\"2029\"><strong data-start=\"1995\" data-end=\"2027\">Valeurs nutritionnelles pour 100g :<\/strong><\/p>\n<ul data-start=\"2030\" data-end=\"2195\">\n<li data-start=\"2030\" data-end=\"2060\">\n<p data-start=\"2032\" data-end=\"2060\">\u00c9nergie : 1461 kJ \/ 345 kcal<\/p>\n<\/li>\n<li data-start=\"2061\" data-end=\"2095\">\n<p data-start=\"2063\" data-end=\"2095\">Mati\u00e8res grasses : 1,26 g (satur\u00e9es 0,29 g)<\/p>\n<\/li>\n<li data-start=\"2096\" data-end=\"2137\">\n<p data-start=\"2098\" data-end=\"2137\">Glucides : 70,8 g (sucres 3,46 g)<\/p>\n<\/li>\n<li data-start=\"2138\" data-end=\"2155\">\n<p data-start=\"2140\" data-end=\"2155\">Fibre : 6,92 g<\/p>\n<\/li>\n<li data-start=\"2156\" data-end=\"2175\">\n<p data-start=\"2158\" data-end=\"2175\">Prot\u00e9ines : 9,15 g<\/p>\n<\/li>\n<li data-start=\"2176\" data-end=\"2195\">\n<p data-start=\"2178\" data-end=\"2195\">Sel : &lt; 0.025 g<\/p>\n<\/li>\n<\/ul>\n<p data-start=\"2197\" data-end=\"2311\">Avec un <strong data-start=\"2204\" data-end=\"2227\">Dur\u00e9e de conservation de 10 mois<\/strong>Cette farine garantit des performances constantes pour les boulangeries et les producteurs industriels.<\/p>\n<p>&nbsp;<\/p>\n<table style=\"width: 100%; border-collapse: collapse; text-align: center;\">\n<thead>\n<tr style=\"background-color: #f06154; color: #fff;\">\n<th style=\"padding: 8px;\">Poids<\/th>\n<th style=\"padding: 8px;\">Quantit\u00e9 par bo\u00eete \/ pile<\/th>\n<th style=\"padding: 8px;\">Quantit\u00e9 par palette<\/th>\n<th style=\"padding: 8px;\">Total dans le camion<\/th>\n<\/tr>\n<\/thead>\n<tbody>\n<tr style=\"background-color: #ffffff;\">\n<td style=\"padding: 8px;\">1 kg<\/td>\n<td style=\"padding: 8px;\">10 pi\u00e8ces<\/td>\n<td style=\"padding: 8px;\">780 kg<\/td>\n<td style=\"padding: 8px;\">22 620 kg<\/td>\n<\/tr>\n<tr style=\"background-color: #f5f5f5;\">\n<td style=\"padding: 8px;\">5 kg<\/td>\n<td style=\"padding: 8px;\">1 pi\u00e8ce<\/td>\n<td style=\"padding: 8px;\">780 kg<\/td>\n<td style=\"padding: 8px;\">22 620 kg<\/td>\n<\/tr>\n<\/tbody>\n<\/table>","protected":false},"excerpt":{"rendered":"<p>Sp\u00e9cialement frais\u00e9s <strong data-start=\"1261\" data-end=\"1303\">Farine pour croissants et viennoiseries<\/strong>avec une teneur en gluten \u226524,8% et une dur\u00e9e de conservation de 10 mois. Con\u00e7u pour les p\u00e2tes lamin\u00e9es et l'utilisation professionnelle en boulangerie.<\/p>","protected":false},"featured_media":3149,"comment_status":"closed","ping_status":"closed","template":"","meta":{"om_disable_all_campaigns":false},"product_brand":[],"product_cat":[59],"product_tag":[],"class_list":{"0":"post-3466","1":"product","2":"type-product","3":"status-publish","4":"has-post-thumbnail","6":"product_cat-grains-and-flours","8":"first","9":"instock","10":"shipping-taxable","11":"purchasable","12":"product-type-variable"},"aioseo_notices":[],"jetpack_sharing_enabled":true,"_links":{"self":[{"href":"https:\/\/viktoriadl.com\/fr\/wp-json\/wp\/v2\/product\/3466","targetHints":{"allow":["GET"]}}],"collection":[{"href":"https:\/\/viktoriadl.com\/fr\/wp-json\/wp\/v2\/product"}],"about":[{"href":"https:\/\/viktoriadl.com\/fr\/wp-json\/wp\/v2\/types\/product"}],"replies":[{"embeddable":true,"href":"https:\/\/viktoriadl.com\/fr\/wp-json\/wp\/v2\/comments?post=3466"}],"wp:featuredmedia":[{"embeddable":true,"href":"https:\/\/viktoriadl.com\/fr\/wp-json\/wp\/v2\/media\/3149"}],"wp:attachment":[{"href":"https:\/\/viktoriadl.com\/fr\/wp-json\/wp\/v2\/media?parent=3466"}],"wp:term":[{"taxonomy":"product_brand","embeddable":true,"href":"https:\/\/viktoriadl.com\/fr\/wp-json\/wp\/v2\/product_brand?post=3466"},{"taxonomy":"product_cat","embeddable":true,"href":"https:\/\/viktoriadl.com\/fr\/wp-json\/wp\/v2\/product_cat?post=3466"},{"taxonomy":"product_tag","embeddable":true,"href":"https:\/\/viktoriadl.com\/fr\/wp-json\/wp\/v2\/product_tag?post=3466"}],"curies":[{"name":"wp","href":"https:\/\/api.w.org\/{rel}","templated":true}]}}