{"id":3468,"date":"2025-09-25T17:44:21","date_gmt":"2025-09-25T14:44:21","guid":{"rendered":"https:\/\/viktoriadl.com\/?post_type=product&#038;p=3468"},"modified":"2025-09-30T17:58:40","modified_gmt":"2025-09-30T14:58:40","slug":"harina-de-maiz","status":"publish","type":"product","link":"https:\/\/viktoriadl.com\/es\/producto\/harina-de-maiz\/","title":{"rendered":"Harina de ma\u00edz"},"content":{"rendered":"<p data-start=\"1134\" data-end=\"1424\">Nuestra <strong data-start=\"1138\" data-end=\"1168\">S\u00e9mola de ma\u00edz (harina de ma\u00edz)<\/strong> se produce para su uso en pan y productos horneados, garantizando una textura y un rendimiento uniformes en aplicaciones industriales y al por mayor. Envasado en <strong data-start=\"1313\" data-end=\"1327\">Sacos de 25 kg<\/strong> con un <strong data-start=\"1335\" data-end=\"1361\">caducidad de 8 meses<\/strong>La producci\u00f3n y la distribuci\u00f3n a gran escala resultan id\u00f3neas.<\/p>\n<p data-start=\"1426\" data-end=\"1688\">Las pruebas anal\u00edticas confirman <strong data-start=\"1454\" data-end=\"1476\">humedad por debajo de 14%<\/strong>, una composici\u00f3n nutricional fiable y el cumplimiento de la normativa de seguridad alimentaria de la UE. El producto contiene gluten (de cereales) pero no <strong data-start=\"1612\" data-end=\"1619\">no<\/strong> contienen otros al\u00e9rgenos incluidos en la lista, como soja, leche, frutos de c\u00e1scara o s\u00e9samo.<\/p>\n<p data-start=\"1690\" data-end=\"1724\"><strong data-start=\"1690\" data-end=\"1722\">Valores nutricionales por 100 g:<\/strong><\/p>\n<ul data-start=\"1725\" data-end=\"1868\">\n<li data-start=\"1725\" data-end=\"1755\">\n<p data-start=\"1727\" data-end=\"1755\">Energ\u00eda: 1516 kJ (361 kcal)<\/p>\n<\/li>\n<li data-start=\"1756\" data-end=\"1788\">\n<p data-start=\"1758\" data-end=\"1788\">Grasa: 1,0 g (saturada 0,1 g)<\/p>\n<\/li>\n<li data-start=\"1789\" data-end=\"1829\">\n<p data-start=\"1791\" data-end=\"1829\">Carbohidratos 76,7 g (az\u00facares 2,0 g)<\/p>\n<\/li>\n<li data-start=\"1830\" data-end=\"1849\">\n<p data-start=\"1832\" data-end=\"1849\">Prote\u00ednas: 11,2 g<\/p>\n<\/li>\n<li data-start=\"1850\" data-end=\"1868\">\n<p data-start=\"1852\" data-end=\"1868\">Sal: &lt; 0.01 g<\/p>\n<\/li>\n<\/ul>\n<p data-start=\"1870\" data-end=\"2037\">Certificado bajo <strong data-start=\"1886\" data-end=\"1903\">ISO 9001:2015<\/strong> y <strong data-start=\"1908\" data-end=\"1926\">ISO 22000:2018<\/strong>Este producto es una elecci\u00f3n segura y fiable para panader\u00edas, mayoristas y fabricantes de alimentos de toda Europa.<\/p>\n<p>&nbsp;<\/p>\n<table style=\"width: 100%; border-collapse: collapse; text-align: center;\">\n<thead>\n<tr style=\"background-color: #f06154; color: #fff;\">\n<th style=\"padding: 8px;\">Peso<\/th>\n<th style=\"padding: 8px;\">Cantidad por caja \/ pila<\/th>\n<th style=\"padding: 8px;\">Cantidad por paleta<\/th>\n<th style=\"padding: 8px;\">Total en cami\u00f3n<\/th>\n<\/tr>\n<\/thead>\n<tbody>\n<tr style=\"background-color: #ffffff;\">\n<td style=\"padding: 8px;\">1 kg<\/td>\n<td style=\"padding: 8px;\">10 piezas<\/td>\n<td style=\"padding: 8px;\">780 kg<\/td>\n<td style=\"padding: 8px;\">22 620 kg<\/td>\n<\/tr>\n<tr style=\"background-color: #f5f5f5;\">\n<td style=\"padding: 8px;\">5 kg<\/td>\n<td style=\"padding: 8px;\">1 unidad<\/td>\n<td style=\"padding: 8px;\">780 kg<\/td>\n<td style=\"padding: 8px;\">22 620 kg<\/td>\n<\/tr>\n<\/tbody>\n<\/table>","protected":false},"excerpt":{"rendered":"<p data-start=\"1134\" data-end=\"1424\">S\u00e9mola de ma\u00edz molida para panader\u00eda profesional y producci\u00f3n de pan. Envasada en sacos de 25 kg, con caducidad de 8 meses. Certificado ISO 9001:2015 e ISO 22000:2018.<\/p>\n<p data-start=\"1870\" data-end=\"2037\">","protected":false},"featured_media":3149,"comment_status":"closed","ping_status":"closed","template":"","meta":{"om_disable_all_campaigns":false},"product_brand":[],"product_cat":[59],"product_tag":[],"class_list":{"0":"post-3468","1":"product","2":"type-product","3":"status-publish","4":"has-post-thumbnail","6":"product_cat-grains-and-flours","8":"first","9":"instock","10":"shipping-taxable","11":"purchasable","12":"product-type-variable"},"aioseo_notices":[],"jetpack_sharing_enabled":true,"_links":{"self":[{"href":"https:\/\/viktoriadl.com\/es\/wp-json\/wp\/v2\/product\/3468","targetHints":{"allow":["GET"]}}],"collection":[{"href":"https:\/\/viktoriadl.com\/es\/wp-json\/wp\/v2\/product"}],"about":[{"href":"https:\/\/viktoriadl.com\/es\/wp-json\/wp\/v2\/types\/product"}],"replies":[{"embeddable":true,"href":"https:\/\/viktoriadl.com\/es\/wp-json\/wp\/v2\/comments?post=3468"}],"wp:featuredmedia":[{"embeddable":true,"href":"https:\/\/viktoriadl.com\/es\/wp-json\/wp\/v2\/media\/3149"}],"wp:attachment":[{"href":"https:\/\/viktoriadl.com\/es\/wp-json\/wp\/v2\/media?parent=3468"}],"wp:term":[{"taxonomy":"product_brand","embeddable":true,"href":"https:\/\/viktoriadl.com\/es\/wp-json\/wp\/v2\/product_brand?post=3468"},{"taxonomy":"product_cat","embeddable":true,"href":"https:\/\/viktoriadl.com\/es\/wp-json\/wp\/v2\/product_cat?post=3468"},{"taxonomy":"product_tag","embeddable":true,"href":"https:\/\/viktoriadl.com\/es\/wp-json\/wp\/v2\/product_tag?post=3468"}],"curies":[{"name":"wp","href":"https:\/\/api.w.org\/{rel}","templated":true}]}}