{"id":3466,"date":"2025-09-25T17:40:38","date_gmt":"2025-09-25T14:40:38","guid":{"rendered":"https:\/\/viktoriadl.com\/?post_type=product&#038;p=3466"},"modified":"2025-09-30T17:59:26","modified_gmt":"2025-09-30T14:59:26","slug":"pizzamehl","status":"publish","type":"product","link":"https:\/\/viktoriadl.com\/de\/produkt\/pizzamehl\/","title":{"rendered":"Mehl f\u00fcr Croissants"},"content":{"rendered":"<p data-start=\"1446\" data-end=\"1758\">Unser <strong data-start=\"1450\" data-end=\"1474\">Mehl f\u00fcr Croissants<\/strong> (Biskuitmehl) wurde f\u00fcr laminierte Teige wie Croissants, Bl\u00e4tterteiggeb\u00e4ck und andere Viennoiserien entwickelt. Mit einer <strong data-start=\"1593\" data-end=\"1633\">Feuchtklebergehalt von mindestens 24,8%<\/strong> und <strong data-start=\"1638\" data-end=\"1667\">Kleberlockerung \u2265 5,0 mm<\/strong>Es bietet eine ausgezeichnete Teigfestigkeit, Dehnbarkeit und gleichm\u00e4\u00dfige Laminierergebnisse.<\/p>\n<p data-start=\"1760\" data-end=\"1993\">Das Mehl wird strengen Tests unterzogen, um den europ\u00e4ischen Normen zu entsprechen: <strong data-start=\"1823\" data-end=\"1840\">Feuchtigkeit \u226415%<\/strong>, kontrollierte Alpha-Amylase-Aktivit\u00e4t und Abwesenheit von Krankheitserregern, Pestizidr\u00fcckst\u00e4nden und Schwermetallen. Der Mykotoxingehalt entspricht vollst\u00e4ndig den EU-Vorschriften.<\/p>\n<p data-start=\"1995\" data-end=\"2029\"><strong data-start=\"1995\" data-end=\"2027\">N\u00e4hrwertangaben pro 100 g:<\/strong><\/p>\n<ul data-start=\"2030\" data-end=\"2195\">\n<li data-start=\"2030\" data-end=\"2060\">\n<p data-start=\"2032\" data-end=\"2060\">Energie: 1461 kJ \/ 345 kcal<\/p>\n<\/li>\n<li data-start=\"2061\" data-end=\"2095\">\n<p data-start=\"2063\" data-end=\"2095\">Fett: 1,26 g (ges\u00e4ttigt 0,29 g)<\/p>\n<\/li>\n<li data-start=\"2096\" data-end=\"2137\">\n<p data-start=\"2098\" data-end=\"2137\">Kohlenhydrate: 70,8 g (Zucker 3,46 g)<\/p>\n<\/li>\n<li data-start=\"2138\" data-end=\"2155\">\n<p data-start=\"2140\" data-end=\"2155\">Faser: 6,92 g<\/p>\n<\/li>\n<li data-start=\"2156\" data-end=\"2175\">\n<p data-start=\"2158\" data-end=\"2175\">Eiwei\u00df: 9,15 g<\/p>\n<\/li>\n<li data-start=\"2176\" data-end=\"2195\">\n<p data-start=\"2178\" data-end=\"2195\">Salz: &lt; 0.025 g<\/p>\n<\/li>\n<\/ul>\n<p data-start=\"2197\" data-end=\"2311\">Mit einem <strong data-start=\"2204\" data-end=\"2227\">10-monatige Haltbarkeitsdauer<\/strong>Dieses Mehl gew\u00e4hrleistet eine konstante Leistung f\u00fcr B\u00e4ckereien und industrielle Hersteller.<\/p>\n<p>&nbsp;<\/p>\n<table style=\"width: 100%; border-collapse: collapse; text-align: center;\">\n<thead>\n<tr style=\"background-color: #f06154; color: #fff;\">\n<th style=\"padding: 8px;\">Gewicht<\/th>\n<th style=\"padding: 8px;\">Menge pro Karton \/ Stapel<\/th>\n<th style=\"padding: 8px;\">Menge pro Palette<\/th>\n<th style=\"padding: 8px;\">Insgesamt im Lkw<\/th>\n<\/tr>\n<\/thead>\n<tbody>\n<tr style=\"background-color: #ffffff;\">\n<td style=\"padding: 8px;\">1 kg<\/td>\n<td style=\"padding: 8px;\">10 St\u00fcck<\/td>\n<td style=\"padding: 8px;\">780 kg<\/td>\n<td style=\"padding: 8px;\">22 620 kg<\/td>\n<\/tr>\n<tr style=\"background-color: #f5f5f5;\">\n<td style=\"padding: 8px;\">5 kg<\/td>\n<td style=\"padding: 8px;\">1 St\u00fcck<\/td>\n<td style=\"padding: 8px;\">780 kg<\/td>\n<td style=\"padding: 8px;\">22 620 kg<\/td>\n<\/tr>\n<\/tbody>\n<\/table>","protected":false},"excerpt":{"rendered":"<p>Speziell gefr\u00e4st <strong data-start=\"1261\" data-end=\"1303\">Mehl f\u00fcr Croissants und Viennoiseries<\/strong>mit einem Glutengehalt von \u226524,8% und einer Haltbarkeit von 10 Monaten. Konzipiert f\u00fcr laminierte Teige und den Einsatz in professionellen B\u00e4ckereien.<\/p>","protected":false},"featured_media":3149,"comment_status":"closed","ping_status":"closed","template":"","meta":{"om_disable_all_campaigns":false},"product_brand":[],"product_cat":[59],"product_tag":[],"class_list":{"0":"post-3466","1":"product","2":"type-product","3":"status-publish","4":"has-post-thumbnail","6":"product_cat-grains-and-flours","8":"first","9":"instock","10":"shipping-taxable","11":"purchasable","12":"product-type-variable"},"aioseo_notices":[],"jetpack_sharing_enabled":true,"_links":{"self":[{"href":"https:\/\/viktoriadl.com\/de\/wp-json\/wp\/v2\/product\/3466","targetHints":{"allow":["GET"]}}],"collection":[{"href":"https:\/\/viktoriadl.com\/de\/wp-json\/wp\/v2\/product"}],"about":[{"href":"https:\/\/viktoriadl.com\/de\/wp-json\/wp\/v2\/types\/product"}],"replies":[{"embeddable":true,"href":"https:\/\/viktoriadl.com\/de\/wp-json\/wp\/v2\/comments?post=3466"}],"wp:featuredmedia":[{"embeddable":true,"href":"https:\/\/viktoriadl.com\/de\/wp-json\/wp\/v2\/media\/3149"}],"wp:attachment":[{"href":"https:\/\/viktoriadl.com\/de\/wp-json\/wp\/v2\/media?parent=3466"}],"wp:term":[{"taxonomy":"product_brand","embeddable":true,"href":"https:\/\/viktoriadl.com\/de\/wp-json\/wp\/v2\/product_brand?post=3466"},{"taxonomy":"product_cat","embeddable":true,"href":"https:\/\/viktoriadl.com\/de\/wp-json\/wp\/v2\/product_cat?post=3466"},{"taxonomy":"product_tag","embeddable":true,"href":"https:\/\/viktoriadl.com\/de\/wp-json\/wp\/v2\/product_tag?post=3466"}],"curies":[{"name":"wp","href":"https:\/\/api.w.org\/{rel}","templated":true}]}}